{"id":2229,"date":"2025-03-28T18:08:32","date_gmt":"2025-03-28T18:08:32","guid":{"rendered":"https:\/\/imperioelectrodomesticos.uy\/?post_type=product&#038;p=2229"},"modified":"2026-04-06T22:35:42","modified_gmt":"2026-04-06T22:35:42","slug":"ventilador-recargable-solar-y-12v-ideal-para-auto","status":"publish","type":"product","link":"https:\/\/imperioelectrodomesticos.uy\/index.php\/producto\/ventilador-recargable-solar-y-12v-ideal-para-auto\/","title":{"rendered":"Ventilador Recargable Solar Y 12v Ideal Para Auto"},"content":{"rendered":"<p>Ventilador Recargable<br \/>\nSolar y 12 v<br \/>\n3 velocidades<br \/>\nPlegable<\/p>\n","protected":false},"excerpt":{"rendered":"<div class=\"ui-vpp-striped-specs\">\n<div class=\"ui-vpp-striped-specs__table\">\n<h3 class=\"ui-vpp-striped-specs__header\">Caracter\u00edsticas generales<\/h3>\n<table class=\"andes-table\">\n<tbody class=\"andes-table__body\">\n<tr class=\"andes-table__row ui-vpp-striped-specs__row\">\n<th class=\"andes-table__header andes-table__header--left ui-vpp-striped-specs__row__column ui-vpp-striped-specs__row__column--id\" scope=\"row\">\n<div class=\"andes-table__header__container\">Marca<\/div>\n<\/th>\n<td id=\":R2if5bkulpjm:\" class=\"andes-table__column andes-table__column--left andes-table__column--vertical-align-center ui-vpp-striped-specs__row__column\"><span id=\":R2if5bkulpjm:-value\" class=\"andes-table__column--value\">No666<\/span><\/td>\n<\/tr>\n<tr class=\"andes-table__row ui-vpp-striped-specs__row\">\n<th class=\"andes-table__header andes-table__header--left ui-vpp-striped-specs__row__column ui-vpp-striped-specs__row__column--id\" scope=\"row\">\n<div class=\"andes-table__header__container\">L\u00ednea<\/div>\n<\/th>\n<td id=\":R2in5bkulpjm:\" class=\"andes-table__column andes-table__column--left andes-table__column--vertical-align-center ui-vpp-striped-specs__row__column\"><span id=\":R2in5bkulpjm:-value\" class=\"andes-table__column--value\">Mini Ventilador De Mesa Com Bateria Recarreg\u00e1vel Verde<\/span><\/td>\n<\/tr>\n<tr class=\"andes-table__row ui-vpp-striped-specs__row\">\n<th class=\"andes-table__header andes-table__header--left ui-vpp-striped-specs__row__column ui-vpp-striped-specs__row__column--id\" scope=\"row\">\n<div class=\"andes-table__header__container\">Modelo<\/div>\n<\/th>\n<td id=\":R2iv5bkulpjm:\" class=\"andes-table__column andes-table__column--left andes-table__column--vertical-align-center ui-vpp-striped-specs__row__column\"><span id=\":R2iv5bkulpjm:-value\" class=\"andes-table__column--value\">No:666<\/span><\/td>\n<\/tr>\n<tr class=\"andes-table__row ui-vpp-striped-specs__row\">\n<th class=\"andes-table__header andes-table__header--left ui-vpp-striped-specs__row__column ui-vpp-striped-specs__row__column--id\" scope=\"row\">\n<div class=\"andes-table__header__container\">Voltaje<\/div>\n<\/th>\n<td id=\":R2j75bkulpjm:\" class=\"andes-table__column andes-table__column--left andes-table__column--vertical-align-center ui-vpp-striped-specs__row__column\"><span id=\":R2j75bkulpjm:-value\" class=\"andes-table__column--value\">12V<\/span><\/td>\n<\/tr>\n<\/tbody>\n<\/table>\n<\/div>\n<div class=\"ui-vpp-striped-specs__table\">\n<h3 class=\"ui-vpp-striped-specs__header\">Caracter\u00edsticas de la estructura<\/h3>\n<table class=\"andes-table\">\n<tbody class=\"andes-table__body\">\n<tr class=\"andes-table__row ui-vpp-striped-specs__row\">\n<th class=\"andes-table__header andes-table__header--left ui-vpp-striped-specs__row__column ui-vpp-striped-specs__row__column--id\" scope=\"row\">\n<div class=\"andes-table__header__container\">Material de la rejilla<\/div>\n<\/th>\n<td id=\":R19f9bkulpjm:\" class=\"andes-table__column andes-table__column--left andes-table__column--vertical-align-center ui-vpp-striped-specs__row__column\"><span id=\":R19f9bkulpjm:-value\" class=\"andes-table__column--value\">Pl\u00e1stico<\/span><\/td>\n<\/tr>\n<tr class=\"andes-table__row ui-vpp-striped-specs__row\">\n<th class=\"andes-table__header andes-table__header--left ui-vpp-striped-specs__row__column ui-vpp-striped-specs__row__column--id\" scope=\"row\">\n<div class=\"andes-table__header__container\">Con aspas reversibles<\/div>\n<\/th>\n<td id=\":R19n9bkulpjm:\" class=\"andes-table__column andes-table__column--left andes-table__column--vertical-align-center ui-vpp-striped-specs__row__column\"><span id=\":R19n9bkulpjm:-value\" class=\"andes-table__column--value\">No<\/span><\/td>\n<\/tr>\n<\/tbody>\n<\/table>\n<\/div>\n<div class=\"ui-vpp-striped-specs__table\">\n<h3 class=\"ui-vpp-striped-specs__header\">Iluminaci\u00f3n<\/h3>\n<table class=\"andes-table\">\n<tbody class=\"andes-table__body\">\n<tr class=\"andes-table__row ui-vpp-striped-specs__row\">\n<th class=\"andes-table__header andes-table__header--left ui-vpp-striped-specs__row__column ui-vpp-striped-specs__row__column--id\" scope=\"row\">\n<div class=\"andes-table__header__container\">Con luz<\/div>\n<\/th>\n<td id=\":Rkvdbkulpjm:\" class=\"andes-table__column andes-table__column--left andes-table__column--vertical-align-center ui-vpp-striped-specs__row__column\"><span id=\":Rkvdbkulpjm:-value\" class=\"andes-table__column--value\">No<\/span><\/td>\n<\/tr>\n<\/tbody>\n<\/table>\n<\/div>\n<\/div>\n<div class=\"ui-vpp-striped-specs\">\n<div class=\"ui-vpp-striped-specs__table\">\n<h3 class=\"ui-vpp-striped-specs__header\">Especificaciones<\/h3>\n<table class=\"andes-table\">\n<tbody class=\"andes-table__body\">\n<tr class=\"andes-table__row ui-vpp-striped-specs__row\">\n<th class=\"andes-table__header andes-table__header--left ui-vpp-striped-specs__row__column ui-vpp-striped-specs__row__column--id\" scope=\"row\">\n<div class=\"andes-table__header__container\">Tipo de ventilador<\/div>\n<\/th>\n<td id=\":R19f6bkulpjm:\" class=\"andes-table__column andes-table__column--left andes-table__column--vertical-align-center ui-vpp-striped-specs__row__column\"><span id=\":R19f6bkulpjm:-value\" class=\"andes-table__column--value\">Port\u00e1til<\/span><\/td>\n<\/tr>\n<tr class=\"andes-table__row ui-vpp-striped-specs__row\">\n<th class=\"andes-table__header andes-table__header--left ui-vpp-striped-specs__row__column ui-vpp-striped-specs__row__column--id\" scope=\"row\">\n<div class=\"andes-table__header__container\">Cantidad de velocidades<\/div>\n<\/th>\n<td id=\":R19n6bkulpjm:\" class=\"andes-table__column andes-table__column--left andes-table__column--vertical-align-center ui-vpp-striped-specs__row__column\"><span id=\":R19n6bkulpjm:-value\" class=\"andes-table__column--value\">3<\/span><\/td>\n<\/tr>\n<tr class=\"andes-table__row ui-vpp-striped-specs__row\">\n<th class=\"andes-table__header andes-table__header--left ui-vpp-striped-specs__row__column ui-vpp-striped-specs__row__column--id\" scope=\"row\">\n<div class=\"andes-table__header__container\">Incluye control remoto<\/div>\n<\/th>\n<td id=\":R19v6bkulpjm:\" class=\"andes-table__column andes-table__column--left andes-table__column--vertical-align-center ui-vpp-striped-specs__row__column\"><span id=\":R19v6bkulpjm:-value\" class=\"andes-table__column--value\">No<\/span><\/td>\n<\/tr>\n<\/tbody>\n<\/table>\n<\/div>\n<div class=\"ui-vpp-striped-specs__table\">\n<h3 class=\"ui-vpp-striped-specs__header\">Dimensiones<\/h3>\n<table class=\"andes-table\">\n<tbody class=\"andes-table__body\">\n<tr class=\"andes-table__row ui-vpp-striped-specs__row\">\n<th class=\"andes-table__header andes-table__header--left ui-vpp-striped-specs__row__column ui-vpp-striped-specs__row__column--id\" scope=\"row\">\n<div class=\"andes-table__header__container\">Altura<\/div>\n<\/th>\n<td id=\":R19fabkulpjm:\" class=\"andes-table__column andes-table__column--left andes-table__column--vertical-align-center ui-vpp-striped-specs__row__column\"><span id=\":R19fabkulpjm:-value\" class=\"andes-table__column--value\">22 cm<\/span><\/td>\n<\/tr>\n<tr class=\"andes-table__row ui-vpp-striped-specs__row\">\n<th class=\"andes-table__header andes-table__header--left ui-vpp-striped-specs__row__column ui-vpp-striped-specs__row__column--id\" scope=\"row\">\n<div class=\"andes-table__header__container\">Profundidad<\/div>\n<\/th>\n<td id=\":R19nabkulpjm:\" class=\"andes-table__column andes-table__column--left andes-table__column--vertical-align-center ui-vpp-striped-specs__row__column\"><span id=\":R19nabkulpjm:-value\" class=\"andes-table__column--value\">19 cm<\/span><\/td>\n<\/tr>\n<tr class=\"andes-table__row ui-vpp-striped-specs__row\">\n<th class=\"andes-table__header andes-table__header--left ui-vpp-striped-specs__row__column ui-vpp-striped-specs__row__column--id\" scope=\"row\">\n<div class=\"andes-table__header__container\">Ancho<\/div>\n<\/th>\n<td id=\":R19vabkulpjm:\" class=\"andes-table__column andes-table__column--left andes-table__column--vertical-align-center ui-vpp-striped-specs__row__column\"><span id=\":R19vabkulpjm:-value\" class=\"andes-table__column--value\">14 cm<\/span><\/td>\n<\/tr>\n<\/tbody>\n<\/table>\n<\/div>\n<div class=\"ui-vpp-striped-specs__table\">\n<h3 class=\"ui-vpp-striped-specs__header\">Funciones<\/h3>\n<table class=\"andes-table\">\n<tbody class=\"andes-table__body\">\n<tr class=\"andes-table__row ui-vpp-striped-specs__row\">\n<th class=\"andes-table__header andes-table__header--left ui-vpp-striped-specs__row__column ui-vpp-striped-specs__row__column--id\" scope=\"row\">\n<div class=\"andes-table__header__container\">Con funci\u00f3n turbo<\/div>\n<\/th>\n<td id=\":Rkvebkulpjm:\" class=\"andes-table__column andes-table__column--left andes-table__column--vertical-align-center ui-vpp-striped-specs__row__column\"><span id=\":Rkvebkulpjm:-value\" class=\"andes-table__column--value\">No<\/span><\/td>\n<\/tr>\n<\/tbody>\n<\/table>\n<\/div>\n<\/div>\n","protected":false},"featured_media":1841,"template":"","meta":{"site-sidebar-layout":"default","site-content-layout":"","ast-site-content-layout":"default","site-content-style":"default","site-sidebar-style":"default","ast-global-header-display":"","ast-banner-title-visibility":"","ast-main-header-display":"","ast-hfb-above-header-display":"","ast-hfb-below-header-display":"","ast-hfb-mobile-header-display":"","site-post-title":"","ast-breadcrumbs-content":"","ast-featured-img":"","footer-sml-layout":"","ast-disable-related-posts":"","theme-transparent-header-meta":"default","adv-header-id-meta":"","stick-header-meta":"","header-above-stick-meta":"","header-main-stick-meta":"","header-below-stick-meta":"","astra-migrate-meta-layouts":"set","ast-page-background-enabled":"default","ast-page-background-meta":{"desktop":{"background-color":"var(--ast-global-color-5)","background-image":"","background-repeat":"repeat","background-position":"center center","background-size":"auto","background-attachment":"scroll","background-type":"","background-media":"","overlay-type":"","overlay-color":"","overlay-opacity":"","overlay-gradient":""},"tablet":{"background-color":"","background-image":"","background-repeat":"repeat","background-position":"center center","background-size":"auto","background-attachment":"scroll","background-type":"","background-media":"","overlay-type":"","overlay-color":"","overlay-opacity":"","overlay-gradient":""},"mobile":{"background-color":"","background-image":"","background-repeat":"repeat","background-position":"center center","background-size":"auto","background-attachment":"scroll","background-type":"","background-media":"","overlay-type":"","overlay-color":"","overlay-opacity":"","overlay-gradient":""}},"ast-content-background-meta":{"desktop":{"background-color":"var(--ast-global-color-4)","background-image":"","background-repeat":"repeat","background-position":"center center","background-size":"auto","background-attachment":"scroll","background-type":"","background-media":"","overlay-type":"","overlay-color":"","overlay-opacity":"","overlay-gradient":""},"tablet":{"background-color":"var(--ast-global-color-4)","background-image":"","background-repeat":"repeat","background-position":"center center","background-size":"auto","background-attachment":"scroll","background-type":"","background-media":"","overlay-type":"","overlay-color":"","overlay-opacity":"","overlay-gradient":""},"mobile":{"background-color":"var(--ast-global-color-4)","background-image":"","background-repeat":"repeat","background-position":"center center","background-size":"auto","background-attachment":"scroll","background-type":"","background-media":"","overlay-type":"","overlay-color":"","overlay-opacity":"","overlay-gradient":""}}},"product_brand":[],"product_cat":[23,32,54],"product_tag":[],"class_list":{"0":"post-2229","1":"product","2":"type-product","3":"status-publish","4":"has-post-thumbnail","6":"product_cat-climatizacion","7":"product_cat-productos","8":"product_cat-ventiladores","9":"desktop-align-center","10":"tablet-align-left","11":"mobile-align-left","13":"first","14":"outofstock","15":"shipping-taxable","16":"purchasable","17":"product-type-simple"},"yoast_head":"<!-- This site is optimized with the Yoast SEO plugin v27.4 - https:\/\/yoast.com\/product\/yoast-seo-wordpress\/ -->\n<title>Ventilador Recargable Solar Y 12v Ideal Para Auto - Imperio Electrodom\u00e9sticos<\/title>\n<meta name=\"robots\" content=\"index, follow, max-snippet:-1, max-image-preview:large, max-video-preview:-1\" \/>\n<link rel=\"canonical\" href=\"https:\/\/imperioelectrodomesticos.uy\/index.php\/producto\/ventilador-recargable-solar-y-12v-ideal-para-auto\/\" \/>\n<meta property=\"og:locale\" content=\"es_ES\" \/>\n<meta property=\"og:type\" content=\"article\" \/>\n<meta property=\"og:title\" content=\"Ventilador Recargable Solar Y 12v Ideal Para Auto - Imperio Electrodom\u00e9sticos\" \/>\n<meta property=\"og:description\" content=\"Caracter\u00edsticas generales     Marca No666    L\u00ednea Mini Ventilador De Mesa Com Bateria Recarreg\u00e1vel Verde    Modelo No:666    Voltaje 12V      Caracter\u00edsticas de la estructura     Material de la rejilla Pl\u00e1stico    Con aspas reversibles No      Iluminaci\u00f3n     Con luz No        Especificaciones     Tipo de ventilador Port\u00e1til    Cantidad de velocidades 3    Incluye control remoto No      Dimensiones     Altura 22 cm    Profundidad 19 cm    Ancho 14 cm      Funciones     Con funci\u00f3n turbo No\" \/>\n<meta property=\"og:url\" content=\"https:\/\/imperioelectrodomesticos.uy\/index.php\/producto\/ventilador-recargable-solar-y-12v-ideal-para-auto\/\" \/>\n<meta property=\"og:site_name\" content=\"Imperio Electrodom\u00e9sticos\" \/>\n<meta property=\"article:publisher\" content=\"https:\/\/www.facebook.com\/imperioelectrodomesticos\/\" \/>\n<meta property=\"article:modified_time\" content=\"2026-04-06T22:35:42+00:00\" \/>\n<meta property=\"og:image\" content=\"https:\/\/imperioelectrodomesticos.uy\/wp-content\/uploads\/2025\/03\/Ventilador-Recargable-Solar-Y-12v-Ideal-Para-Auto.webp\" \/>\n\t<meta property=\"og:image:width\" content=\"1200\" \/>\n\t<meta property=\"og:image:height\" content=\"1200\" \/>\n\t<meta property=\"og:image:type\" content=\"image\/webp\" \/>\n<meta name=\"twitter:card\" content=\"summary_large_image\" \/>\n<meta name=\"twitter:label1\" content=\"Tiempo de lectura\" \/>\n\t<meta name=\"twitter:data1\" content=\"1 minuto\" \/>\n<script type=\"application\/ld+json\" class=\"yoast-schema-graph\">{\"@context\":\"https:\\\/\\\/schema.org\",\"@graph\":[{\"@type\":\"WebPage\",\"@id\":\"https:\\\/\\\/imperioelectrodomesticos.uy\\\/index.php\\\/producto\\\/ventilador-recargable-solar-y-12v-ideal-para-auto\\\/\",\"url\":\"https:\\\/\\\/imperioelectrodomesticos.uy\\\/index.php\\\/producto\\\/ventilador-recargable-solar-y-12v-ideal-para-auto\\\/\",\"name\":\"Ventilador Recargable Solar Y 12v Ideal Para Auto - Imperio Electrodom\u00e9sticos\",\"isPartOf\":{\"@id\":\"https:\\\/\\\/imperioelectrodomesticos.uy\\\/#website\"},\"primaryImageOfPage\":{\"@id\":\"https:\\\/\\\/imperioelectrodomesticos.uy\\\/index.php\\\/producto\\\/ventilador-recargable-solar-y-12v-ideal-para-auto\\\/#primaryimage\"},\"image\":{\"@id\":\"https:\\\/\\\/imperioelectrodomesticos.uy\\\/index.php\\\/producto\\\/ventilador-recargable-solar-y-12v-ideal-para-auto\\\/#primaryimage\"},\"thumbnailUrl\":\"https:\\\/\\\/imperioelectrodomesticos.uy\\\/wp-content\\\/uploads\\\/2025\\\/03\\\/Ventilador-Recargable-Solar-Y-12v-Ideal-Para-Auto.webp\",\"datePublished\":\"2025-03-28T18:08:32+00:00\",\"dateModified\":\"2026-04-06T22:35:42+00:00\",\"breadcrumb\":{\"@id\":\"https:\\\/\\\/imperioelectrodomesticos.uy\\\/index.php\\\/producto\\\/ventilador-recargable-solar-y-12v-ideal-para-auto\\\/#breadcrumb\"},\"inLanguage\":\"es\",\"potentialAction\":[{\"@type\":\"ReadAction\",\"target\":[\"https:\\\/\\\/imperioelectrodomesticos.uy\\\/index.php\\\/producto\\\/ventilador-recargable-solar-y-12v-ideal-para-auto\\\/\"]}]},{\"@type\":\"ImageObject\",\"inLanguage\":\"es\",\"@id\":\"https:\\\/\\\/imperioelectrodomesticos.uy\\\/index.php\\\/producto\\\/ventilador-recargable-solar-y-12v-ideal-para-auto\\\/#primaryimage\",\"url\":\"https:\\\/\\\/imperioelectrodomesticos.uy\\\/wp-content\\\/uploads\\\/2025\\\/03\\\/Ventilador-Recargable-Solar-Y-12v-Ideal-Para-Auto.webp\",\"contentUrl\":\"https:\\\/\\\/imperioelectrodomesticos.uy\\\/wp-content\\\/uploads\\\/2025\\\/03\\\/Ventilador-Recargable-Solar-Y-12v-Ideal-Para-Auto.webp\",\"width\":1200,\"height\":1200},{\"@type\":\"BreadcrumbList\",\"@id\":\"https:\\\/\\\/imperioelectrodomesticos.uy\\\/index.php\\\/producto\\\/ventilador-recargable-solar-y-12v-ideal-para-auto\\\/#breadcrumb\",\"itemListElement\":[{\"@type\":\"ListItem\",\"position\":1,\"name\":\"Portada\",\"item\":\"https:\\\/\\\/imperioelectrodomesticos.uy\\\/\"},{\"@type\":\"ListItem\",\"position\":2,\"name\":\"Tienda\",\"item\":\"https:\\\/\\\/imperioelectrodomesticos.uy\\\/index.php\\\/tienda\\\/\"},{\"@type\":\"ListItem\",\"position\":3,\"name\":\"Ventilador Recargable Solar Y 12v Ideal Para Auto\"}]},{\"@type\":\"WebSite\",\"@id\":\"https:\\\/\\\/imperioelectrodomesticos.uy\\\/#website\",\"url\":\"https:\\\/\\\/imperioelectrodomesticos.uy\\\/\",\"name\":\"Imperio Electrodom\u00e9sticos\",\"description\":\"Todo en electrodom\u00e9sticos y art\u00edculos para el hogar\",\"publisher\":{\"@id\":\"https:\\\/\\\/imperioelectrodomesticos.uy\\\/#organization\"},\"alternateName\":\"Imperio Electrodom\u00e9sticos\",\"potentialAction\":[{\"@type\":\"SearchAction\",\"target\":{\"@type\":\"EntryPoint\",\"urlTemplate\":\"https:\\\/\\\/imperioelectrodomesticos.uy\\\/?s={search_term_string}\"},\"query-input\":{\"@type\":\"PropertyValueSpecification\",\"valueRequired\":true,\"valueName\":\"search_term_string\"}}],\"inLanguage\":\"es\"},{\"@type\":\"Organization\",\"@id\":\"https:\\\/\\\/imperioelectrodomesticos.uy\\\/#organization\",\"name\":\"Imperio Electrodom\u00e9sticos\",\"url\":\"https:\\\/\\\/imperioelectrodomesticos.uy\\\/\",\"logo\":{\"@type\":\"ImageObject\",\"inLanguage\":\"es\",\"@id\":\"https:\\\/\\\/imperioelectrodomesticos.uy\\\/#\\\/schema\\\/logo\\\/image\\\/\",\"url\":\"https:\\\/\\\/imperioelectrodomesticos.uy\\\/wp-content\\\/uploads\\\/2025\\\/03\\\/cropped-ELECTRODOMESTICOS-3.png\",\"contentUrl\":\"https:\\\/\\\/imperioelectrodomesticos.uy\\\/wp-content\\\/uploads\\\/2025\\\/03\\\/cropped-ELECTRODOMESTICOS-3.png\",\"width\":1080,\"height\":245,\"caption\":\"Imperio Electrodom\u00e9sticos\"},\"image\":{\"@id\":\"https:\\\/\\\/imperioelectrodomesticos.uy\\\/#\\\/schema\\\/logo\\\/image\\\/\"},\"sameAs\":[\"https:\\\/\\\/www.facebook.com\\\/imperioelectrodomesticos\\\/\",\"https:\\\/\\\/www.instagram.com\\\/imperioelectrodomesticos.uy\\\/\"]}]}<\/script>\n<!-- \/ Yoast SEO plugin. -->","yoast_head_json":{"title":"Ventilador Recargable Solar Y 12v Ideal Para Auto - Imperio Electrodom\u00e9sticos","robots":{"index":"index","follow":"follow","max-snippet":"max-snippet:-1","max-image-preview":"max-image-preview:large","max-video-preview":"max-video-preview:-1"},"canonical":"https:\/\/imperioelectrodomesticos.uy\/index.php\/producto\/ventilador-recargable-solar-y-12v-ideal-para-auto\/","og_locale":"es_ES","og_type":"article","og_title":"Ventilador Recargable Solar Y 12v Ideal Para Auto - Imperio Electrodom\u00e9sticos","og_description":"Caracter\u00edsticas generales     Marca No666    L\u00ednea Mini Ventilador De Mesa Com Bateria Recarreg\u00e1vel Verde    Modelo No:666    Voltaje 12V      Caracter\u00edsticas de la estructura     Material de la rejilla Pl\u00e1stico    Con aspas reversibles No      Iluminaci\u00f3n     Con luz No        Especificaciones     Tipo de ventilador Port\u00e1til    Cantidad de velocidades 3    Incluye control remoto No      Dimensiones     Altura 22 cm    Profundidad 19 cm    Ancho 14 cm      Funciones     Con funci\u00f3n turbo No","og_url":"https:\/\/imperioelectrodomesticos.uy\/index.php\/producto\/ventilador-recargable-solar-y-12v-ideal-para-auto\/","og_site_name":"Imperio Electrodom\u00e9sticos","article_publisher":"https:\/\/www.facebook.com\/imperioelectrodomesticos\/","article_modified_time":"2026-04-06T22:35:42+00:00","og_image":[{"width":1200,"height":1200,"url":"https:\/\/imperioelectrodomesticos.uy\/wp-content\/uploads\/2025\/03\/Ventilador-Recargable-Solar-Y-12v-Ideal-Para-Auto.webp","type":"image\/webp"}],"twitter_card":"summary_large_image","twitter_misc":{"Tiempo de lectura":"1 minuto"},"schema":{"@context":"https:\/\/schema.org","@graph":[{"@type":"WebPage","@id":"https:\/\/imperioelectrodomesticos.uy\/index.php\/producto\/ventilador-recargable-solar-y-12v-ideal-para-auto\/","url":"https:\/\/imperioelectrodomesticos.uy\/index.php\/producto\/ventilador-recargable-solar-y-12v-ideal-para-auto\/","name":"Ventilador Recargable Solar Y 12v Ideal Para Auto - Imperio Electrodom\u00e9sticos","isPartOf":{"@id":"https:\/\/imperioelectrodomesticos.uy\/#website"},"primaryImageOfPage":{"@id":"https:\/\/imperioelectrodomesticos.uy\/index.php\/producto\/ventilador-recargable-solar-y-12v-ideal-para-auto\/#primaryimage"},"image":{"@id":"https:\/\/imperioelectrodomesticos.uy\/index.php\/producto\/ventilador-recargable-solar-y-12v-ideal-para-auto\/#primaryimage"},"thumbnailUrl":"https:\/\/imperioelectrodomesticos.uy\/wp-content\/uploads\/2025\/03\/Ventilador-Recargable-Solar-Y-12v-Ideal-Para-Auto.webp","datePublished":"2025-03-28T18:08:32+00:00","dateModified":"2026-04-06T22:35:42+00:00","breadcrumb":{"@id":"https:\/\/imperioelectrodomesticos.uy\/index.php\/producto\/ventilador-recargable-solar-y-12v-ideal-para-auto\/#breadcrumb"},"inLanguage":"es","potentialAction":[{"@type":"ReadAction","target":["https:\/\/imperioelectrodomesticos.uy\/index.php\/producto\/ventilador-recargable-solar-y-12v-ideal-para-auto\/"]}]},{"@type":"ImageObject","inLanguage":"es","@id":"https:\/\/imperioelectrodomesticos.uy\/index.php\/producto\/ventilador-recargable-solar-y-12v-ideal-para-auto\/#primaryimage","url":"https:\/\/imperioelectrodomesticos.uy\/wp-content\/uploads\/2025\/03\/Ventilador-Recargable-Solar-Y-12v-Ideal-Para-Auto.webp","contentUrl":"https:\/\/imperioelectrodomesticos.uy\/wp-content\/uploads\/2025\/03\/Ventilador-Recargable-Solar-Y-12v-Ideal-Para-Auto.webp","width":1200,"height":1200},{"@type":"BreadcrumbList","@id":"https:\/\/imperioelectrodomesticos.uy\/index.php\/producto\/ventilador-recargable-solar-y-12v-ideal-para-auto\/#breadcrumb","itemListElement":[{"@type":"ListItem","position":1,"name":"Portada","item":"https:\/\/imperioelectrodomesticos.uy\/"},{"@type":"ListItem","position":2,"name":"Tienda","item":"https:\/\/imperioelectrodomesticos.uy\/index.php\/tienda\/"},{"@type":"ListItem","position":3,"name":"Ventilador Recargable Solar Y 12v Ideal Para Auto"}]},{"@type":"WebSite","@id":"https:\/\/imperioelectrodomesticos.uy\/#website","url":"https:\/\/imperioelectrodomesticos.uy\/","name":"Imperio Electrodom\u00e9sticos","description":"Todo en electrodom\u00e9sticos y art\u00edculos para el hogar","publisher":{"@id":"https:\/\/imperioelectrodomesticos.uy\/#organization"},"alternateName":"Imperio Electrodom\u00e9sticos","potentialAction":[{"@type":"SearchAction","target":{"@type":"EntryPoint","urlTemplate":"https:\/\/imperioelectrodomesticos.uy\/?s={search_term_string}"},"query-input":{"@type":"PropertyValueSpecification","valueRequired":true,"valueName":"search_term_string"}}],"inLanguage":"es"},{"@type":"Organization","@id":"https:\/\/imperioelectrodomesticos.uy\/#organization","name":"Imperio Electrodom\u00e9sticos","url":"https:\/\/imperioelectrodomesticos.uy\/","logo":{"@type":"ImageObject","inLanguage":"es","@id":"https:\/\/imperioelectrodomesticos.uy\/#\/schema\/logo\/image\/","url":"https:\/\/imperioelectrodomesticos.uy\/wp-content\/uploads\/2025\/03\/cropped-ELECTRODOMESTICOS-3.png","contentUrl":"https:\/\/imperioelectrodomesticos.uy\/wp-content\/uploads\/2025\/03\/cropped-ELECTRODOMESTICOS-3.png","width":1080,"height":245,"caption":"Imperio Electrodom\u00e9sticos"},"image":{"@id":"https:\/\/imperioelectrodomesticos.uy\/#\/schema\/logo\/image\/"},"sameAs":["https:\/\/www.facebook.com\/imperioelectrodomesticos\/","https:\/\/www.instagram.com\/imperioelectrodomesticos.uy\/"]}]}},"_links":{"self":[{"href":"https:\/\/imperioelectrodomesticos.uy\/index.php\/wp-json\/wp\/v2\/product\/2229","targetHints":{"allow":["GET"]}}],"collection":[{"href":"https:\/\/imperioelectrodomesticos.uy\/index.php\/wp-json\/wp\/v2\/product"}],"about":[{"href":"https:\/\/imperioelectrodomesticos.uy\/index.php\/wp-json\/wp\/v2\/types\/product"}],"wp:featuredmedia":[{"embeddable":true,"href":"https:\/\/imperioelectrodomesticos.uy\/index.php\/wp-json\/wp\/v2\/media\/1841"}],"wp:attachment":[{"href":"https:\/\/imperioelectrodomesticos.uy\/index.php\/wp-json\/wp\/v2\/media?parent=2229"}],"wp:term":[{"taxonomy":"product_brand","embeddable":true,"href":"https:\/\/imperioelectrodomesticos.uy\/index.php\/wp-json\/wp\/v2\/product_brand?post=2229"},{"taxonomy":"product_cat","embeddable":true,"href":"https:\/\/imperioelectrodomesticos.uy\/index.php\/wp-json\/wp\/v2\/product_cat?post=2229"},{"taxonomy":"product_tag","embeddable":true,"href":"https:\/\/imperioelectrodomesticos.uy\/index.php\/wp-json\/wp\/v2\/product_tag?post=2229"}],"curies":[{"name":"wp","href":"https:\/\/api.w.org\/{rel}","templated":true}]}}